{"id":28,"date":"2013-02-20T19:45:33","date_gmt":"2013-02-20T18:45:33","guid":{"rendered":"http:\/\/www.cremaval.com\/wordpress\/?page_id=28"},"modified":"2014-08-28T19:22:23","modified_gmt":"2014-08-28T17:22:23","slug":"cinta-elastica","status":"publish","type":"page","link":"https:\/\/cremaval.com\/wordpress\/productos\/cinta-elastica\/","title":{"rendered":"Cinta El\u00e1stica"},"content":{"rendered":"<h1>Cinta El\u00e1stica para confecci\u00f3n<\/h1>\n<p>Infinidad de prendas de vestir precisan ser ajustadas al cuerpo mediante cintas el\u00e1sticas no compresivas.<\/p>\n<p><span style=\"line-height: 19.600000381469727px;\">Tanto en <strong>CALIDAD ESTANDAR<\/strong>, como en <strong>CALIDAD ESPECIAL<\/strong>, clasificamos nuestras Cintas El\u00e1sticas, para su uso en Confecci\u00f3n y Tapicer\u00eda, en las siguientes l\u00edneas:<\/span><\/p>\n<ul>\n<li>\n<address><strong>Cintas El\u00e1sticas tipo TRENCILLA N\u00fameros 5, 6, 7, 8, 9, 10 y 12 mm (blanco y negro)<\/strong><\/address>\n<\/li>\n<li>\n<address><strong>Cintas El\u00e1sticas tipo SUPER y NORMAL N\u00fameros 20, 25, 30, 35, 40, 50 y 100 mm (blanco y negro)<\/strong><\/address>\n<\/li>\n<\/ul>\n\n\t\t<style type=\"text\/css\">\n\t\t\t#gallery-1 {\n\t\t\t\tmargin: auto;\n\t\t\t}\n\t\t\t#gallery-1 .gallery-item {\n\t\t\t\tfloat: left;\n\t\t\t\tmargin-top: 10px;\n\t\t\t\ttext-align: center;\n\t\t\t\twidth: 25%;\n\t\t\t}\n\t\t\t#gallery-1 img {\n\t\t\t\tborder: 2px solid #cfcfcf;\n\t\t\t}\n\t\t\t#gallery-1 .gallery-caption {\n\t\t\t\tmargin-left: 0;\n\t\t\t}\n\t\t\t\/* see gallery_shortcode() in wp-includes\/media.php *\/\n\t\t<\/style>\n\t\t<div id='gallery-1' class='gallery galleryid-28 gallery-columns-4 gallery-size-thumbnail'><dl class='gallery-item'>\n\t\t\t<dt class='gallery-icon landscape'>\n\t\t\t\t<a href='https:\/\/cremaval.com\/wordpress\/trencilla-2\/'><img width=\"150\" height=\"150\" src=\"https:\/\/cremaval.com\/wordpress\/wp-content\/uploads\/2014\/08\/TRENCILLA-150x150.jpg\" class=\"attachment-thumbnail size-thumbnail\" alt=\"\" decoding=\"async\" aria-describedby=\"gallery-1-594\" loading=\"lazy\" \/><\/a>\n\t\t\t<\/dt>\n\t\t\t\t<dd class='wp-caption-text gallery-caption' id='gallery-1-594'>\n\t\t\t\tTrencilla\n\t\t\t\t<\/dd><\/dl><dl class='gallery-item'>\n\t\t\t<dt class='gallery-icon landscape'>\n\t\t\t\t<a href='https:\/\/cremaval.com\/wordpress\/cinta-elastica-2\/'><img width=\"150\" height=\"150\" src=\"https:\/\/cremaval.com\/wordpress\/wp-content\/uploads\/2014\/08\/CINTA-ELASTICA-150x150.jpg\" class=\"attachment-thumbnail size-thumbnail\" alt=\"\" decoding=\"async\" aria-describedby=\"gallery-1-536\" loading=\"lazy\" \/><\/a>\n\t\t\t<\/dt>\n\t\t\t\t<dd class='wp-caption-text gallery-caption' id='gallery-1-536'>\n\t\t\t\tCinta El\u00e1stica S\u00faper\n\t\t\t\t<\/dd><\/dl>\n\t\t\t<br style='clear: both' \/>\n\t\t<\/div>\n\n<h1>Cinchas El\u00e1sticas Cinchatex\u00a0\u00ae<\/h1>\n<p>Las cinchas el\u00e1sticas son el alma de los asientos y respaldos de los sof\u00e1s tapizados. Su vida depende de ellas.<\/p>\n<p>Unas buenas Cinchas de Tapicer\u00eda alargan su duraci\u00f3n, les proporcionan belleza y aportan confort a\u00a0sus usuarios.<\/p>\n<p><span style=\"line-height: 19.600000381469727px;\">Clasificamos nuestras Cinchas El\u00e1sticas para Tapicer\u00eda, seg\u00fan anchuras y elasticidades, en las siguientes l\u00edneas:<\/span><\/p>\n<ul>\n<li>\n<address><strong>40 mm con 50% de elasticidad<\/strong><\/address>\n<\/li>\n<li>\n<address><strong>40 mm con 80% de elasticidad\u00a0<\/strong><\/address>\n<\/li>\n<li>\n<address><strong>60 mm con 50% de elasticidad\u00a0<\/strong><\/address>\n<\/li>\n<li>\n<address><strong>60 mm con 80% de elasticidad<\/strong><\/address>\n<\/li>\n<li>\n<address><strong>80 mm con 20% de elasticidad\u00a0<\/strong><\/address>\n<\/li>\n<li>\n<address><strong>80 mm con 50% de elasticidad\u00a0<\/strong><\/address>\n<\/li>\n<li>\n<address><strong>80 mm con 80% de elasticidad<\/strong><\/address>\n<\/li>\n<\/ul>\n\n\t\t<style type=\"text\/css\">\n\t\t\t#gallery-2 {\n\t\t\t\tmargin: auto;\n\t\t\t}\n\t\t\t#gallery-2 .gallery-item {\n\t\t\t\tfloat: left;\n\t\t\t\tmargin-top: 10px;\n\t\t\t\ttext-align: center;\n\t\t\t\twidth: 25%;\n\t\t\t}\n\t\t\t#gallery-2 img {\n\t\t\t\tborder: 2px solid #cfcfcf;\n\t\t\t}\n\t\t\t#gallery-2 .gallery-caption {\n\t\t\t\tmargin-left: 0;\n\t\t\t}\n\t\t\t\/* see gallery_shortcode() in wp-includes\/media.php *\/\n\t\t<\/style>\n\t\t<div id='gallery-2' class='gallery galleryid-28 gallery-columns-4 gallery-size-thumbnail'><dl class='gallery-item'>\n\t\t\t<dt class='gallery-icon landscape'>\n\t\t\t\t<a href='https:\/\/cremaval.com\/wordpress\/productos\/cinta-elastica\/cincha\/'><img width=\"150\" height=\"150\" src=\"https:\/\/cremaval.com\/wordpress\/wp-content\/uploads\/2013\/02\/CINCHA-150x150.jpg\" class=\"attachment-thumbnail size-thumbnail\" alt=\"\" decoding=\"async\" aria-describedby=\"gallery-2-379\" loading=\"lazy\" \/><\/a>\n\t\t\t<\/dt>\n\t\t\t\t<dd class='wp-caption-text gallery-caption' id='gallery-2-379'>\n\t\t\t\tCINCHA\n\t\t\t\t<\/dd><\/dl><dl class='gallery-item'>\n\t\t\t<dt class='gallery-icon landscape'>\n\t\t\t\t<a href='https:\/\/cremaval.com\/wordpress\/productos\/cinta-elastica\/cincha2\/'><img width=\"150\" height=\"150\" src=\"https:\/\/cremaval.com\/wordpress\/wp-content\/uploads\/2013\/02\/CINCHA2-150x150.jpg\" class=\"attachment-thumbnail size-thumbnail\" alt=\"\" decoding=\"async\" aria-describedby=\"gallery-2-380\" loading=\"lazy\" \/><\/a>\n\t\t\t<\/dt>\n\t\t\t\t<dd class='wp-caption-text gallery-caption' id='gallery-2-380'>\n\t\t\t\tCINCHA\n\t\t\t\t<\/dd><\/dl>\n\t\t\t<br style='clear: both' \/>\n\t\t<\/div>\n\n","protected":false},"excerpt":{"rendered":"<p>Cinta El\u00e1stica para confecci\u00f3n Infinidad de prendas de vestir precisan ser ajustadas al cuerpo mediante cintas el\u00e1sticas no compresivas. Tanto en CALIDAD ESTANDAR, como en CALIDAD ESPECIAL, clasificamos nuestras Cintas El\u00e1sticas, para su uso en Confecci\u00f3n y Tapicer\u00eda, en las siguientes l\u00edneas: Cintas El\u00e1sticas tipo TRENCILLA N\u00fameros 5, 6, 7, 8, 9, 10 y 12 [&hellip;]<\/p>\n","protected":false},"author":3,"featured_media":0,"parent":9,"menu_order":3,"comment_status":"open","ping_status":"closed","template":"","meta":{"footnotes":""},"yoast_head":"<!-- This site is optimized with the Yoast SEO plugin v21.0 - https:\/\/yoast.com\/wordpress\/plugins\/seo\/ -->\n<title>Cinta El\u00e1stica - Cremaval<\/title>\n<meta name=\"robots\" content=\"index, follow, max-snippet:-1, max-image-preview:large, max-video-preview:-1\" \/>\n<link rel=\"canonical\" href=\"https:\/\/cremaval.com\/wordpress\/productos\/cinta-elastica\/\" \/>\n<meta property=\"og:locale\" content=\"es_ES\" \/>\n<meta property=\"og:type\" content=\"article\" \/>\n<meta property=\"og:title\" content=\"Cinta El\u00e1stica - Cremaval\" \/>\n<meta property=\"og:description\" content=\"Cinta El\u00e1stica para confecci\u00f3n Infinidad de prendas de vestir precisan ser ajustadas al cuerpo mediante cintas el\u00e1sticas no compresivas. Tanto en CALIDAD ESTANDAR, como en CALIDAD ESPECIAL, clasificamos nuestras Cintas El\u00e1sticas, para su uso en Confecci\u00f3n y Tapicer\u00eda, en las siguientes l\u00edneas: Cintas El\u00e1sticas tipo TRENCILLA N\u00fameros 5, 6, 7, 8, 9, 10 y 12 [&hellip;]\" \/>\n<meta property=\"og:url\" content=\"https:\/\/cremaval.com\/wordpress\/productos\/cinta-elastica\/\" \/>\n<meta property=\"og:site_name\" content=\"Cremaval\" \/>\n<meta property=\"article:publisher\" content=\"https:\/\/es-es.facebook.com\/CreativabyCremaval\/\" \/>\n<meta property=\"article:modified_time\" content=\"2014-08-28T17:22:23+00:00\" \/>\n<meta property=\"og:image\" content=\"https:\/\/cremaval.com\/wordpress\/wp-content\/uploads\/2014\/08\/TRENCILLA-150x150.jpg\" \/>\n<meta name=\"twitter:card\" content=\"summary_large_image\" \/>\n<meta name=\"twitter:label1\" content=\"Tiempo de lectura\" \/>\n\t<meta name=\"twitter:data1\" content=\"1 minuto\" \/>\n<script type=\"application\/ld+json\" class=\"yoast-schema-graph\">{\"@context\":\"https:\/\/schema.org\",\"@graph\":[{\"@type\":\"WebPage\",\"@id\":\"https:\/\/cremaval.com\/wordpress\/productos\/cinta-elastica\/\",\"url\":\"https:\/\/cremaval.com\/wordpress\/productos\/cinta-elastica\/\",\"name\":\"Cinta El\u00e1stica - Cremaval\",\"isPartOf\":{\"@id\":\"https:\/\/cremaval.com\/wordpress\/#website\"},\"datePublished\":\"2013-02-20T18:45:33+00:00\",\"dateModified\":\"2014-08-28T17:22:23+00:00\",\"breadcrumb\":{\"@id\":\"https:\/\/cremaval.com\/wordpress\/productos\/cinta-elastica\/#breadcrumb\"},\"inLanguage\":\"es\",\"potentialAction\":[{\"@type\":\"ReadAction\",\"target\":[\"https:\/\/cremaval.com\/wordpress\/productos\/cinta-elastica\/\"]}]},{\"@type\":\"BreadcrumbList\",\"@id\":\"https:\/\/cremaval.com\/wordpress\/productos\/cinta-elastica\/#breadcrumb\",\"itemListElement\":[{\"@type\":\"ListItem\",\"position\":1,\"name\":\"Portada\",\"item\":\"https:\/\/cremaval.com\/wordpress\/\"},{\"@type\":\"ListItem\",\"position\":2,\"name\":\"Productos\",\"item\":\"https:\/\/cremaval.com\/wordpress\/productos\/\"},{\"@type\":\"ListItem\",\"position\":3,\"name\":\"Cinta El\u00e1stica\"}]},{\"@type\":\"WebSite\",\"@id\":\"https:\/\/cremaval.com\/wordpress\/#website\",\"url\":\"https:\/\/cremaval.com\/wordpress\/\",\"name\":\"Cremaval\",\"description\":\"Fabrica de Cremalleras Hilos de Coser Cintas de Cierre\",\"publisher\":{\"@id\":\"https:\/\/cremaval.com\/wordpress\/#organization\"},\"potentialAction\":[{\"@type\":\"SearchAction\",\"target\":{\"@type\":\"EntryPoint\",\"urlTemplate\":\"https:\/\/cremaval.com\/wordpress\/?s={search_term_string}\"},\"query-input\":\"required name=search_term_string\"}],\"inLanguage\":\"es\"},{\"@type\":\"Organization\",\"@id\":\"https:\/\/cremaval.com\/wordpress\/#organization\",\"name\":\"Cremaval\",\"url\":\"https:\/\/cremaval.com\/wordpress\/\",\"logo\":{\"@type\":\"ImageObject\",\"inLanguage\":\"es\",\"@id\":\"https:\/\/cremaval.com\/wordpress\/#\/schema\/logo\/image\/\",\"url\":\"https:\/\/cremaval.com\/wordpress\/wp-content\/uploads\/2022\/10\/crelogos.png\",\"contentUrl\":\"https:\/\/cremaval.com\/wordpress\/wp-content\/uploads\/2022\/10\/crelogos.png\",\"width\":2160,\"height\":2160,\"caption\":\"Cremaval\"},\"image\":{\"@id\":\"https:\/\/cremaval.com\/wordpress\/#\/schema\/logo\/image\/\"},\"sameAs\":[\"https:\/\/es-es.facebook.com\/CreativabyCremaval\/\",\"https:\/\/www.instagram.com\/creativabycremaval\/?hl=es\"]}]}<\/script>\n<!-- \/ Yoast SEO plugin. -->","yoast_head_json":{"title":"Cinta El\u00e1stica - Cremaval","robots":{"index":"index","follow":"follow","max-snippet":"max-snippet:-1","max-image-preview":"max-image-preview:large","max-video-preview":"max-video-preview:-1"},"canonical":"https:\/\/cremaval.com\/wordpress\/productos\/cinta-elastica\/","og_locale":"es_ES","og_type":"article","og_title":"Cinta El\u00e1stica - Cremaval","og_description":"Cinta El\u00e1stica para confecci\u00f3n Infinidad de prendas de vestir precisan ser ajustadas al cuerpo mediante cintas el\u00e1sticas no compresivas. Tanto en CALIDAD ESTANDAR, como en CALIDAD ESPECIAL, clasificamos nuestras Cintas El\u00e1sticas, para su uso en Confecci\u00f3n y Tapicer\u00eda, en las siguientes l\u00edneas: Cintas El\u00e1sticas tipo TRENCILLA N\u00fameros 5, 6, 7, 8, 9, 10 y 12 [&hellip;]","og_url":"https:\/\/cremaval.com\/wordpress\/productos\/cinta-elastica\/","og_site_name":"Cremaval","article_publisher":"https:\/\/es-es.facebook.com\/CreativabyCremaval\/","article_modified_time":"2014-08-28T17:22:23+00:00","og_image":[{"url":"https:\/\/cremaval.com\/wordpress\/wp-content\/uploads\/2014\/08\/TRENCILLA-150x150.jpg"}],"twitter_card":"summary_large_image","twitter_misc":{"Tiempo de lectura":"1 minuto"},"schema":{"@context":"https:\/\/schema.org","@graph":[{"@type":"WebPage","@id":"https:\/\/cremaval.com\/wordpress\/productos\/cinta-elastica\/","url":"https:\/\/cremaval.com\/wordpress\/productos\/cinta-elastica\/","name":"Cinta El\u00e1stica - Cremaval","isPartOf":{"@id":"https:\/\/cremaval.com\/wordpress\/#website"},"datePublished":"2013-02-20T18:45:33+00:00","dateModified":"2014-08-28T17:22:23+00:00","breadcrumb":{"@id":"https:\/\/cremaval.com\/wordpress\/productos\/cinta-elastica\/#breadcrumb"},"inLanguage":"es","potentialAction":[{"@type":"ReadAction","target":["https:\/\/cremaval.com\/wordpress\/productos\/cinta-elastica\/"]}]},{"@type":"BreadcrumbList","@id":"https:\/\/cremaval.com\/wordpress\/productos\/cinta-elastica\/#breadcrumb","itemListElement":[{"@type":"ListItem","position":1,"name":"Portada","item":"https:\/\/cremaval.com\/wordpress\/"},{"@type":"ListItem","position":2,"name":"Productos","item":"https:\/\/cremaval.com\/wordpress\/productos\/"},{"@type":"ListItem","position":3,"name":"Cinta El\u00e1stica"}]},{"@type":"WebSite","@id":"https:\/\/cremaval.com\/wordpress\/#website","url":"https:\/\/cremaval.com\/wordpress\/","name":"Cremaval","description":"Fabrica de Cremalleras Hilos de Coser Cintas de Cierre","publisher":{"@id":"https:\/\/cremaval.com\/wordpress\/#organization"},"potentialAction":[{"@type":"SearchAction","target":{"@type":"EntryPoint","urlTemplate":"https:\/\/cremaval.com\/wordpress\/?s={search_term_string}"},"query-input":"required name=search_term_string"}],"inLanguage":"es"},{"@type":"Organization","@id":"https:\/\/cremaval.com\/wordpress\/#organization","name":"Cremaval","url":"https:\/\/cremaval.com\/wordpress\/","logo":{"@type":"ImageObject","inLanguage":"es","@id":"https:\/\/cremaval.com\/wordpress\/#\/schema\/logo\/image\/","url":"https:\/\/cremaval.com\/wordpress\/wp-content\/uploads\/2022\/10\/crelogos.png","contentUrl":"https:\/\/cremaval.com\/wordpress\/wp-content\/uploads\/2022\/10\/crelogos.png","width":2160,"height":2160,"caption":"Cremaval"},"image":{"@id":"https:\/\/cremaval.com\/wordpress\/#\/schema\/logo\/image\/"},"sameAs":["https:\/\/es-es.facebook.com\/CreativabyCremaval\/","https:\/\/www.instagram.com\/creativabycremaval\/?hl=es"]}]}},"_links":{"self":[{"href":"https:\/\/cremaval.com\/wordpress\/wp-json\/wp\/v2\/pages\/28"}],"collection":[{"href":"https:\/\/cremaval.com\/wordpress\/wp-json\/wp\/v2\/pages"}],"about":[{"href":"https:\/\/cremaval.com\/wordpress\/wp-json\/wp\/v2\/types\/page"}],"author":[{"embeddable":true,"href":"https:\/\/cremaval.com\/wordpress\/wp-json\/wp\/v2\/users\/3"}],"replies":[{"embeddable":true,"href":"https:\/\/cremaval.com\/wordpress\/wp-json\/wp\/v2\/comments?post=28"}],"version-history":[{"count":14,"href":"https:\/\/cremaval.com\/wordpress\/wp-json\/wp\/v2\/pages\/28\/revisions"}],"predecessor-version":[{"id":611,"href":"https:\/\/cremaval.com\/wordpress\/wp-json\/wp\/v2\/pages\/28\/revisions\/611"}],"up":[{"embeddable":true,"href":"https:\/\/cremaval.com\/wordpress\/wp-json\/wp\/v2\/pages\/9"}],"wp:attachment":[{"href":"https:\/\/cremaval.com\/wordpress\/wp-json\/wp\/v2\/media?parent=28"}],"curies":[{"name":"wp","href":"https:\/\/api.w.org\/{rel}","templated":true}]}}